{"id":999,"date":"2020-10-21T13:44:20","date_gmt":"2020-10-21T13:44:20","guid":{"rendered":"https:\/\/reiche-spezialarmaturen.de\/?page_id=999"},"modified":"2020-10-21T13:44:21","modified_gmt":"2020-10-21T13:44:21","slug":"data-protection","status":"publish","type":"page","link":"https:\/\/reiche-spezialarmaturen.de\/en\/data-protection\/","title":{"rendered":"Data Protection"},"content":{"rendered":"<div class=\"fusion-fullwidth fullwidth-box fusion-builder-row-1 max-width1100 nonhundred-percent-fullwidth non-hundred-percent-height-scrolling\" style=\"--awb-border-radius-top-left:0px;--awb-border-radius-top-right:0px;--awb-border-radius-bottom-right:0px;--awb-border-radius-bottom-left:0px;--awb-padding-bottom:72px;--awb-flex-wrap:wrap;\" ><div class=\"fusion-builder-row fusion-row\"><div class=\"fusion-layout-column fusion_builder_column fusion-builder-column-0 fusion_builder_column_1_1 1_1 fusion-one-full fusion-column-first fusion-column-last\" style=\"--awb-padding-top:72px;--awb-bg-size:cover;--awb-margin-bottom:0px;\"><div class=\"fusion-column-wrapper fusion-column-has-shadow fusion-flex-column-wrapper-legacy\"><div class=\"fusion-title title fusion-title-1 fusion-sep-none fusion-title-text fusion-title-size-one\"><h1 class=\"fusion-title-heading title-heading-left fusion-responsive-typography-calculated\" style=\"margin:0;--fontSize:50;line-height:1.2;\"><p>DATA PROTECTION<\/p>\n<div id=\"gtx-trans\" style=\"position: absolute; left: 229px; top: 38px;\">\n<div class=\"gtx-trans-icon\"><\/div>\n<\/div><\/h1><\/div><div class=\"fusion-sep-clear\"><\/div><div class=\"fusion-separator fusion-full-width-sep\" style=\"margin-left: auto;margin-right: auto;margin-top:36px;width:100%;\"><\/div><div class=\"fusion-sep-clear\"><\/div><div class=\"accordian fusion-accordian\" style=\"--awb-border-size:0px;--awb-icon-size:20px;--awb-content-font-size:25px;--awb-icon-alignment:left;--awb-hover-color:#6d7a83;--awb-border-color:#cccccc;--awb-background-color:#009ee3;--awb-divider-color:#e0dede;--awb-divider-hover-color:#e0dede;--awb-icon-color:#009ee3;--awb-title-color:#009ee3;--awb-content-color:#6d7a83;--awb-icon-box-color:#ffffff;--awb-toggle-hover-accent-color:#ffffff;--awb-title-font-family:&quot;Jura&quot;;--awb-title-font-weight:600;--awb-title-font-style:normal;--awb-title-font-size:20px;--awb-title-line-height:1.5;--awb-content-font-family:&quot;Jura&quot;;--awb-content-font-style:normal;--awb-content-font-weight:300;\"><div class=\"panel-group fusion-toggle-icon-boxed\" id=\"accordion-999-1\"><div class=\"fusion-panel panel-default panel-a1a9d7554b8f29ca4 fusion-toggle-no-divider fusion-toggle-boxed-mode\"><div class=\"panel-heading\"><h4 class=\"panel-title toggle\" id=\"toggle_a1a9d7554b8f29ca4\"><a class=\"active\" aria-expanded=\"true\" aria-controls=\"a1a9d7554b8f29ca4\" role=\"button\" data-toggle=\"collapse\" data-parent=\"#accordion-999-1\" data-target=\"#a1a9d7554b8f29ca4\" href=\"#a1a9d7554b8f29ca4\"><span class=\"fusion-toggle-icon-wrapper\" aria-hidden=\"true\"><i class=\"fa-fusion-box active-icon awb-icon-minus\" aria-hidden=\"true\"><\/i><i class=\"fa-fusion-box inactive-icon awb-icon-plus\" aria-hidden=\"true\"><\/i><\/span><span class=\"fusion-toggle-heading\">Name und Anschrift des Verantwortlichen<\/span><\/a><\/h4><\/div><div id=\"a1a9d7554b8f29ca4\" class=\"panel-collapse collapse in\" aria-labelledby=\"toggle_a1a9d7554b8f29ca4\"><div class=\"panel-body toggle-content fusion-clearfix\">\n<p><span style=\"color: #ffffff;\">Der Verantwortliche im Sinne der Datenschutz-Grundverordnung und anderer nationaler Datenschutzgesetze der Mitgliedsstaaten sowie sonstiger datenschutzrechtlicher Bestimmungen ist die:<\/span><\/p>\n<p><span style=\"color: #ffffff;\"><em>Dirk Reiche<\/em><\/span><br \/>\n<span style=\"color: #ffffff;\"><em>Marken- und Produktservice<\/em><\/span><br \/>\n<span style=\"color: #ffffff;\"><em>Stargarder Stra\u00dfe 72<\/em><\/span><br \/>\n<span style=\"color: #ffffff;\"><em>33699 Bielefeld<\/em><\/span><br \/>\n<span style=\"color: #ffffff;\"><em>Deutschland<\/em><\/span><br \/>\n<span style=\"color: #ffffff;\"><em>Tel.: 05202 926040<\/em><\/span><br \/>\n<span style=\"color: #ffffff;\"><em>E-Mail: info@reiche-spezialarmaturen.de<\/em><\/span><br \/>\n<span style=\"color: #ffffff;\"><em>Website: www.reiche-spezialarmaturen.de<\/em><\/span><\/p>\n<\/div><\/div><\/div><div class=\"fusion-panel panel-default panel-4da7f0b40bfc6e749 fusion-toggle-no-divider fusion-toggle-boxed-mode\"><div class=\"panel-heading\"><h4 class=\"panel-title toggle\" id=\"toggle_4da7f0b40bfc6e749\"><a aria-expanded=\"false\" aria-controls=\"4da7f0b40bfc6e749\" role=\"button\" data-toggle=\"collapse\" data-parent=\"#accordion-999-1\" data-target=\"#4da7f0b40bfc6e749\" href=\"#4da7f0b40bfc6e749\"><span class=\"fusion-toggle-icon-wrapper\" aria-hidden=\"true\"><i class=\"fa-fusion-box active-icon awb-icon-minus\" aria-hidden=\"true\"><\/i><i class=\"fa-fusion-box inactive-icon awb-icon-plus\" aria-hidden=\"true\"><\/i><\/span><span class=\"fusion-toggle-heading\">Allgemeines zur Datenverarbeitung<\/span><\/a><\/h4><\/div><div id=\"4da7f0b40bfc6e749\" class=\"panel-collapse collapse \" aria-labelledby=\"toggle_4da7f0b40bfc6e749\"><div class=\"panel-body toggle-content fusion-clearfix\">\n<h3><span style=\"color: #ffffff;\">Umfang der Verarbeitung personenbezogener Daten<\/span><\/h3>\n<p><span style=\"color: #ffffff;\">Wir verarbeiten personenbezogene Daten unserer Nutzer grunds\u00e4tzlich nur, soweit dies zur Bereitstellung einer funktionsf\u00e4higen Website sowie unserer Inhalte und Leistungen erforderlich ist. Die Verarbeitung personenbezogener Daten unserer Nutzer erfolgt regelm\u00e4\u00dfig nur nach Einwilligung des Nutzers. Eine Ausnahme gilt in solchen F\u00e4llen, in denen eine vorherige Einholung einer Einwilligung aus tats\u00e4chlichen Gr\u00fcnden nicht m\u00f6glich ist und die Verarbeitung der Daten durch gesetzliche Vorschriften gestattet ist.<\/span><\/p>\n<h3><span style=\"color: #ffffff;\">Rechtsgrundlage f\u00fcr die Verarbeitung personenbezogener Daten<\/span><\/h3>\n<p><span style=\"color: #ffffff;\">Soweit wir f\u00fcr Verarbeitungsvorg\u00e4nge personenbezogener Daten eine Einwilligung der betroffenen Person einholen, dient Art.\u00a06 Abs.\u00a01 lit.\u00a0a EU-Datenschutzgrundverordnung (DSGVO) als Rechtsgrundlage.<\/span><br \/>\n<span style=\"color: #ffffff;\">Bei der Verarbeitung von personenbezogenen Daten, die zur Erf\u00fcllung eines Vertrages, dessen Vertragspartei die betroffene Person ist, erforderlich ist, dient Art.\u00a06 Abs.\u00a01 lit.\u00a0b DSGVO als Rechtsgrundlage. Dies gilt auch f\u00fcr Verarbeitungsvorg\u00e4nge, die zur Durchf\u00fchrung vorvertraglicher Ma\u00dfnahmen erforderlich sind.<\/span><br \/>\n<span style=\"color: #ffffff;\">Soweit eine Verarbeitung personenbezogener Daten zur Erf\u00fcllung einer rechtlichen Verpflichtung erforderlich ist, der unser Unternehmen unterliegt, dient Art.\u00a06 Abs.\u00a01 lit.\u00a0c DSGVO als Rechtsgrundlage.<\/span><br \/>\n<span style=\"color: #ffffff;\">F\u00fcr den Fall, dass lebenswichtige Interessen der betroffenen Person oder einer anderen nat\u00fcrlichen Person eine Verarbeitung personenbezogener Daten erforderlich machen, dient Art.\u00a06 Abs.\u00a01 lit.\u00a0d DSGVO als Rechtsgrundlage.<\/span><br \/>\n<span style=\"color: #ffffff;\">Ist die Verarbeitung zur Wahrung eines berechtigten Interesses unseres Unternehmens oder eines Dritten erforderlich und \u00fcberwiegen die Interessen, Grundrechte und Grundfreiheiten des Betroffenen das erstgenannte Interesse nicht, so dient Art.\u00a06 Abs.\u00a01 lit.\u00a0f DSGVO als Rechtsgrundlage f\u00fcr die Verarbeitung.<\/span><\/p>\n<h3><span style=\"color: #ffffff;\">Datenl\u00f6schung und Speicherdauer<\/span><\/h3>\n<p><span style=\"color: #ffffff;\">Die personenbezogenen Daten der betroffenen Person werden gel\u00f6scht oder gesperrt, sobald der Zweck der Speicherung entf\u00e4llt. Eine Speicherung kann dar\u00fcber hinaus erfolgen, wenn dies durch den europ\u00e4ischen oder nationalen Gesetzgeber in unionsrechtlichen Verordnungen, Gesetzen oder sonstigen Vorschriften, denen der Verantwortliche unterliegt, vorgesehen wurde. Eine Sperrung oder L\u00f6schung der Daten erfolgt auch dann, wenn eine durch die genannten Normen vorgeschriebene Speicherfrist abl\u00e4uft, es sei denn, dass eine Erforderlichkeit zur weiteren Speicherung der Daten f\u00fcr einen Vertragsabschluss oder eine Vertragserf\u00fcllung besteht.<\/span><\/p>\n<\/div><\/div><\/div><div class=\"fusion-panel panel-default panel-c46a3931bff5b09fc fusion-toggle-no-divider fusion-toggle-boxed-mode\"><div class=\"panel-heading\"><h4 class=\"panel-title toggle\" id=\"toggle_c46a3931bff5b09fc\"><a aria-expanded=\"false\" aria-controls=\"c46a3931bff5b09fc\" role=\"button\" data-toggle=\"collapse\" data-parent=\"#accordion-999-1\" data-target=\"#c46a3931bff5b09fc\" href=\"#c46a3931bff5b09fc\"><span class=\"fusion-toggle-icon-wrapper\" aria-hidden=\"true\"><i class=\"fa-fusion-box active-icon awb-icon-minus\" aria-hidden=\"true\"><\/i><i class=\"fa-fusion-box inactive-icon awb-icon-plus\" aria-hidden=\"true\"><\/i><\/span><span class=\"fusion-toggle-heading\">Bereitstellung der Website und Erstellung von Logfiles<\/span><\/a><\/h4><\/div><div id=\"c46a3931bff5b09fc\" class=\"panel-collapse collapse \" aria-labelledby=\"toggle_c46a3931bff5b09fc\"><div class=\"panel-body toggle-content fusion-clearfix\">\n<h3><span style=\"color: #ffffff;\">Beschreibung und Umfang der Datenverarbeitung<\/span><\/h3>\n<p><span style=\"color: #ffffff;\">Bei jedem Aufruf unserer Internetseite erfasst unser System automatisiert Daten und Informationen vom Computersystem des aufrufenden Rechners.<\/span><br \/>\n<span style=\"color: #ffffff;\">Folgende Daten werden hierbei erhoben:<\/span><\/p>\n<ol style=\"color: #ffffff !important;\">\n<li><span style=\"color: #ffffff;\">Informationen \u00fcber den Browsertyp und die verwendete Version<\/span><\/li>\n<li><span style=\"color: #ffffff;\">Das Betriebssystem des Nutzers<\/span><\/li>\n<li><span style=\"color: #ffffff;\">Den Internet-Service-Provider des Nutzers<\/span><\/li>\n<li><span style=\"color: #ffffff;\">Die IP-Adresse des Nutzers<\/span><\/li>\n<li><span style=\"color: #ffffff;\">Datum und Uhrzeit des Zugriffs<\/span><\/li>\n<li><span style=\"color: #ffffff;\">Websites, von denen das System des Nutzers auf unsere Internetseite gelangt<\/span><\/li>\n<li><span style=\"color: #ffffff;\">Websites, die vom System des Nutzers \u00fcber unsere Website aufgerufen werden<\/span><\/li>\n<\/ol>\n<p><span style=\"color: #ffffff;\">Die Daten werden ebenfalls in den Logfiles unseres Systems gespeichert. Eine Speicherung dieser Daten zusammen mit anderen personenbezogenen Daten des Nutzers findet nicht statt.<\/span><\/p>\n<h3><span style=\"color: #ffffff;\">Rechtsgrundlage f\u00fcr die Datenverarbeitung<\/span><\/h3>\n<p><span style=\"color: #ffffff;\">Rechtsgrundlage f\u00fcr die vor\u00fcbergehende Speicherung der Daten und der Logfiles ist Art.\u00a06 Abs.\u00a01 lit.\u00a0f DSGVO.<\/span><\/p>\n<h3><span style=\"color: #ffffff;\">Zweck der Datenverarbeitung<\/span><\/h3>\n<p><span style=\"color: #ffffff;\">Die vor\u00fcbergehende Speicherung der IP-Adresse durch das System ist notwendig, um eine Auslieferung der Website an den Rechner des Nutzers zu erm\u00f6glichen. Hierf\u00fcr muss die IP-Adresse des Nutzers f\u00fcr die Dauer der Sitzung gespeichert bleiben.<\/span><\/p>\n<p><span style=\"color: #ffffff;\">Die Speicherung in Logfiles erfolgt, um die Funktionsf\u00e4higkeit der Website sicherzustellen. Zudem dienen uns die Daten zur Optimierung der Website und zur Sicherstellung der Sicherheit unserer informationstechnischen Systeme. Eine Auswertung der Daten zu Marketingzwecken findet in diesem Zusammenhang nicht statt.<\/span><\/p>\n<p><span style=\"color: #ffffff;\">In diesen Zwecken liegt auch unser berechtigtes Interesse an der Datenverarbeitung nach Art.\u00a06 Abs.\u00a01 lit.\u00a0f DSGVO.<\/span><\/p>\n<h3><span style=\"color: #ffffff;\">Dauer der Speicherung<\/span><\/h3>\n<p><span style=\"color: #ffffff;\">Die Daten werden gel\u00f6scht, sobald sie f\u00fcr die Erreichung des Zweckes ihrer Erhebung nicht mehr erforderlich sind. Im Falle der Erfassung der Daten zur Bereitstellung der Website ist dies der Fall, wenn die jeweilige Sitzung beendet ist.<\/span><\/p>\n<p><span style=\"color: #ffffff;\">Im Falle der Speicherung der Daten in Logfiles ist dies nach sp\u00e4testens sieben Tagen der Fall. Eine dar\u00fcberhinausgehende Speicherung ist m\u00f6glich. In diesem Fall werden die IP-Adressen der Nutzer gel\u00f6scht oder verfremdet, sodass eine Zuordnung des aufrufenden Clients nicht mehr m\u00f6glich ist.<\/span><\/p>\n<h3><span style=\"color: #ffffff;\">Widerspruchs- und Beseitigungsm\u00f6glichkeit<\/span><\/h3>\n<p><span style=\"color: #ffffff;\">Die Erfassung der Daten zur Bereitstellung der Website und die Speicherung der Daten in Logfiles ist f\u00fcr den Betrieb der Internetseite zwingend erforderlich. Es besteht folglich seitens des Nutzers keine Widerspruchsm\u00f6glichkeit.<\/span><\/div><\/div><\/div><div class=\"fusion-panel panel-default panel-83b14ccaf38c59777 fusion-toggle-no-divider fusion-toggle-boxed-mode\"><div class=\"panel-heading\"><h4 class=\"panel-title toggle\" id=\"toggle_83b14ccaf38c59777\"><a aria-expanded=\"false\" aria-controls=\"83b14ccaf38c59777\" role=\"button\" data-toggle=\"collapse\" data-parent=\"#accordion-999-1\" data-target=\"#83b14ccaf38c59777\" href=\"#83b14ccaf38c59777\"><span class=\"fusion-toggle-icon-wrapper\" aria-hidden=\"true\"><i class=\"fa-fusion-box active-icon awb-icon-minus\" aria-hidden=\"true\"><\/i><i class=\"fa-fusion-box inactive-icon awb-icon-plus\" aria-hidden=\"true\"><\/i><\/span><span class=\"fusion-toggle-heading\">Verwendung von Cookies<\/span><\/a><\/h4><\/div><div id=\"83b14ccaf38c59777\" class=\"panel-collapse collapse \" aria-labelledby=\"toggle_83b14ccaf38c59777\"><div class=\"panel-body toggle-content fusion-clearfix\">\n<p><span style=\"color: #ffffff;\"><strong>a) Beschreibung und Umfang der Datenverarbeitung<\/strong><\/span><br \/>\n<span style=\"color: #ffffff;\">Unsere Webseite verwendet\u00a0<strong>keine<\/strong>\u00a0Cookies.<\/span><br \/>\n<span style=\"color: #ffffff;\">Allgemeiner Hinweis: Bei Cookies handelt es sich um Textdateien, die im Internetbrowser bzw. vom Internetbrowser auf dem Computersystem des Nutzers gespeichert werden. Ruft ein Nutzer eine Website auf, so kann ein Cookie auf dem Betriebssystem des Nutzers gespeichert werden. Dieser Cookie enth\u00e4lt eine charakteristische Zeichenfolge, die eine eindeutige Identifizierung des Browsers beim erneuten Aufrufen der Website erm\u00f6glicht.<\/span><\/p>\n<\/div><\/div><\/div><div class=\"fusion-panel panel-default panel-ea50774e1507bf64f fusion-toggle-no-divider fusion-toggle-boxed-mode\"><div class=\"panel-heading\"><h4 class=\"panel-title toggle\" id=\"toggle_ea50774e1507bf64f\"><a aria-expanded=\"false\" aria-controls=\"ea50774e1507bf64f\" role=\"button\" data-toggle=\"collapse\" data-parent=\"#accordion-999-1\" data-target=\"#ea50774e1507bf64f\" href=\"#ea50774e1507bf64f\"><span class=\"fusion-toggle-icon-wrapper\" aria-hidden=\"true\"><i class=\"fa-fusion-box active-icon awb-icon-minus\" aria-hidden=\"true\"><\/i><i class=\"fa-fusion-box inactive-icon awb-icon-plus\" aria-hidden=\"true\"><\/i><\/span><span class=\"fusion-toggle-heading\">Newsletter<\/span><\/a><\/h4><\/div><div id=\"ea50774e1507bf64f\" class=\"panel-collapse collapse \" aria-labelledby=\"toggle_ea50774e1507bf64f\"><div class=\"panel-body toggle-content fusion-clearfix\">\n<h3><span style=\"color: #ffffff;\">Beschreibung und Umfang der Datenverarbeitung<\/span><\/h3>\n<p><span style=\"color: #ffffff;\">Auf unserer Internetseite besteht keine M\u00f6glichkeit einen kostenfreien Newsletter zu abonnieren. Es werden folglich keine Daten an uns \u00fcbermittelt.<\/span><\/p>\n<\/div><\/div><\/div><div class=\"fusion-panel panel-default panel-32557154efd020f9d fusion-toggle-no-divider fusion-toggle-boxed-mode\"><div class=\"panel-heading\"><h4 class=\"panel-title toggle\" id=\"toggle_32557154efd020f9d\"><a aria-expanded=\"false\" aria-controls=\"32557154efd020f9d\" role=\"button\" data-toggle=\"collapse\" data-parent=\"#accordion-999-1\" data-target=\"#32557154efd020f9d\" href=\"#32557154efd020f9d\"><span class=\"fusion-toggle-icon-wrapper\" aria-hidden=\"true\"><i class=\"fa-fusion-box active-icon awb-icon-minus\" aria-hidden=\"true\"><\/i><i class=\"fa-fusion-box inactive-icon awb-icon-plus\" aria-hidden=\"true\"><\/i><\/span><span class=\"fusion-toggle-heading\">Kontaktformular und E-Mail-Kontakt<\/span><\/a><\/h4><\/div><div id=\"32557154efd020f9d\" class=\"panel-collapse collapse \" aria-labelledby=\"toggle_32557154efd020f9d\"><div class=\"panel-body toggle-content fusion-clearfix\">\n<h3><span style=\"color: #ffffff;\">Beschreibung und Umfang der Datenverarbeitung<\/span><\/h3>\n<p><span style=\"color: #ffffff;\">Auf unserer Internetseite ist eine Kontaktaufnahme \u00fcber die bereitgestellte E-Mail Adresse m\u00f6glich. In diesem Fall werden die mit der E-Mail \u00fcbermittelten personenbezogenen Daten des Nutzers gespeichert.<\/span><\/p>\n<p><span style=\"color: #ffffff;\">Es erfolgt in diesem Zusammenhang keine Weitergabe der Daten an Dritte. Die Daten werden ausschlie\u00dflich f\u00fcr die Verarbeitung der Konversation verwendet.<\/span><\/p>\n<h3><span style=\"color: #ffffff;\">Rechtsgrundlage f\u00fcr die Datenverarbeitung<\/span><\/h3>\n<p><span style=\"color: #ffffff;\">Rechtsgrundlage f\u00fcr die Verarbeitung der Daten, die im Zuge einer \u00dcbersendung einer E-Mail \u00fcbermittelt werden, ist Art.\u00a06 Abs.\u00a01 lit.\u00a0f DSGVO. Zielt der E-Mail-Kontakt auf den Abschluss eines Vertrages ab, so ist zus\u00e4tzliche Rechtsgrundlage f\u00fcr die Verarbeitung Art.\u00a06 Abs.\u00a01 lit.\u00a0b DSGVO.<\/span><\/p>\n<h3><span style=\"color: #ffffff;\">Zweck der Datenverarbeitung<\/span><\/h3>\n<p><span style=\"color: #ffffff;\">Im Falle einer Kontaktaufnahme per E-Mail liegt hieran auch das erforderliche berechtigte Interesse an der Verarbeitung der Daten.<\/span><\/p>\n<h3><span style=\"color: #ffffff;\">Dauer der Speicherung<\/span><\/h3>\n<p><span style=\"color: #ffffff;\">Die Daten werden gel\u00f6scht, sobald sie f\u00fcr die Erreichung des Zweckes ihrer Erhebung nicht mehr erforderlich sind. F\u00fcr die personenbezogenen Daten, die per E-Mail \u00fcbersandt wurden, ist dies dann der Fall, wenn die jeweilige Konversation mit dem Nutzer beendet ist. Beendet ist die Konversation dann, wenn sich aus den Umst\u00e4nden entnehmen l\u00e4sst, dass der betroffene Sachverhalt abschlie\u00dfend gekl\u00e4rt ist.<\/span><\/p>\n<p><span style=\"color: #ffffff;\">Die w\u00e4hrend des Absendevorgangs zus\u00e4tzlich erhobenen personenbezogenen Daten werden sp\u00e4testens nach einer Frist von sieben Tagen gel\u00f6scht.<\/span><\/p>\n<h3><span style=\"color: #ffffff;\">Widerspruchs- und Beseitigungsm\u00f6glichkeit<\/span><\/h3>\n<p><span style=\"color: #ffffff;\">Der Nutzer hat jederzeit die M\u00f6glichkeit, seine Einwilligung zur Verarbeitung der personenbezogenen Daten zu widerrufen. Nimmt der Nutzer per E-Mail Kontakt mit uns auf, so kann er der Speicherung seiner personenbezogenen Daten jederzeit widersprechen. In einem solchen Fall kann die Konversation nicht fortgef\u00fchrt werden.<\/span><\/p>\n<p><span style=\"color: #ffffff;\">Alle personenbezogenen Daten, die im Zuge der Kontaktaufnahme gespeichert wurden, werden in diesem Fall gel\u00f6scht.<\/span><\/p>\n<\/div><\/div><\/div><div class=\"fusion-panel panel-default panel-b843c6adfada3b2ba fusion-toggle-no-divider fusion-toggle-boxed-mode\"><div class=\"panel-heading\"><h4 class=\"panel-title toggle\" id=\"toggle_b843c6adfada3b2ba\"><a aria-expanded=\"false\" aria-controls=\"b843c6adfada3b2ba\" role=\"button\" data-toggle=\"collapse\" data-parent=\"#accordion-999-1\" data-target=\"#b843c6adfada3b2ba\" href=\"#b843c6adfada3b2ba\"><span class=\"fusion-toggle-icon-wrapper\" aria-hidden=\"true\"><i class=\"fa-fusion-box active-icon awb-icon-minus\" aria-hidden=\"true\"><\/i><i class=\"fa-fusion-box inactive-icon awb-icon-plus\" aria-hidden=\"true\"><\/i><\/span><span class=\"fusion-toggle-heading\">Rechte der betroffenen Person<\/span><\/a><\/h4><\/div><div id=\"b843c6adfada3b2ba\" class=\"panel-collapse collapse \" aria-labelledby=\"toggle_b843c6adfada3b2ba\"><div class=\"panel-body toggle-content fusion-clearfix\">\n<h3><span style=\"color: #ffffff;\">Auskunftsrecht<\/span><\/h3>\n<p><span style=\"color: #ffffff;\">Sie k\u00f6nnen von dem Verantwortlichen eine Best\u00e4tigung dar\u00fcber verlangen, ob personenbezogene Daten, die Sie betreffen, von uns verarbeitet werden.<\/span><br \/>\n<span style=\"color: #ffffff;\">Liegt eine solche Verarbeitung vor, k\u00f6nnen Sie von dem Verantwortlichen \u00fcber folgende Informationen Auskunft verlangen:<\/span><br \/>\n<span style=\"color: #ffffff;\">(1)\u00a0\u00a0\u00a0\u00a0\u00a0\u00a0 die Zwecke, zu denen die personenbezogenen Daten verarbeitet werden;<\/span><br \/>\n<span style=\"color: #ffffff;\">(2)\u00a0\u00a0\u00a0\u00a0\u00a0\u00a0 die Kategorien von personenbezogenen Daten, welche verarbeitet werden;<\/span><br \/>\n<span style=\"color: #ffffff;\">(3)\u00a0\u00a0\u00a0\u00a0\u00a0\u00a0 die Empf\u00e4nger bzw. die Kategorien von Empf\u00e4ngern, gegen\u00fcber denen die Sie betreffenden personenbezogenen Daten offengelegt wurden oder noch offengelegt werden;<\/span><br \/>\n<span style=\"color: #ffffff;\">(4)\u00a0\u00a0\u00a0\u00a0\u00a0\u00a0 die geplante Dauer der Speicherung der Sie betreffenden personenbezogenen Daten oder, falls konkrete Angaben hierzu nicht m\u00f6glich sind, Kriterien f\u00fcr die Festlegung der Speicherdauer;<\/span><br \/>\n<span style=\"color: #ffffff;\">(5)\u00a0\u00a0\u00a0\u00a0\u00a0\u00a0 das Bestehen eines Rechts auf Berichtigung oder L\u00f6schung der Sie betreffenden personenbezogenen Daten, eines Rechts auf Einschr\u00e4nkung der Verarbeitung durch den Verantwortlichen oder eines Widerspruchsrechts gegen diese Verarbeitung;<\/span><br \/>\n<span style=\"color: #ffffff;\">(6)\u00a0\u00a0\u00a0\u00a0\u00a0\u00a0 das Bestehen eines Beschwerderechts bei einer Aufsichtsbeh\u00f6rde;<\/span><br \/>\n<span style=\"color: #ffffff;\">Ihnen steht das Recht zu, Auskunft dar\u00fcber zu verlangen, ob die Sie betreffenden personenbezogenen Daten in ein Drittland oder an eine internationale Organisation \u00fcbermittelt werden. In diesem Zusammenhang k\u00f6nnen Sie verlangen, \u00fcber die geeigneten Garantien gem. Art.\u00a046 DSGVO im Zusammenhang mit der \u00dcbermittlung unterrichtet zu werden.<\/span><br \/>\n<span style=\"color: #ffffff;\">Dieses Auskunftsrecht kann insoweit beschr\u00e4nkt werden, als es voraussichtlich die Verwirklichung der Forschungs- oder Statistikzwecke unm\u00f6glich macht oder ernsthaft beeintr\u00e4chtigt und die Beschr\u00e4nkung f\u00fcr die Erf\u00fcllung der Forschungs- oder Statistikzwecke notwendig ist.<\/span><\/p>\n<h3><span style=\"color: #ffffff;\">Recht auf Berichtigung<\/span><\/h3>\n<p><span style=\"color: #ffffff;\">Sie haben ein Recht auf Berichtigung und\/oder Vervollst\u00e4ndigung gegen\u00fcber dem Verantwortlichen, sofern die verarbeiteten personenbezogenen Daten, die Sie betreffen, unrichtig oder unvollst\u00e4ndig sind. Der Verantwortliche hat die Berichtigung unverz\u00fcglich<\/span><br \/>\n<span style=\"color: #ffffff;\">Ihr Recht auf Berichtigung kann insoweit beschr\u00e4nkt werden, als es voraussichtlich die Verwirklichung der Forschungs- oder Statistikzwecke unm\u00f6glich macht oder ernsthaft beeintr\u00e4chtigt und die Beschr\u00e4nkung f\u00fcr die Erf\u00fcllung der Forschungs- oder Statistikzwecke notwendig ist.<\/span><\/p>\n<h3><span style=\"color: #ffffff;\">Recht auf Einschr\u00e4nkung der Verarbeitung<\/span><\/h3>\n<p><span style=\"color: #ffffff;\">Unter den folgenden Voraussetzungen k\u00f6nnen Sie die Einschr\u00e4nkung der Verarbeitung der Sie betreffenden personenbezogenen Daten verlangen:<\/span><br \/>\n<span style=\"color: #ffffff;\">(1)\u00a0\u00a0\u00a0\u00a0\u00a0\u00a0 wenn Sie die Richtigkeit der Sie betreffenden personenbezogenen f\u00fcr eine Dauer bestreiten, die es dem Verantwortlichen erm\u00f6glicht, die Richtigkeit der personenbezogenen Daten zu \u00fcberpr\u00fcfen;<\/span><br \/>\n<span style=\"color: #ffffff;\">(2)\u00a0\u00a0\u00a0\u00a0\u00a0\u00a0 die Verarbeitung unrechtm\u00e4\u00dfig ist und Sie die L\u00f6schung der personenbezogenen Daten ablehnen und stattdessen die Einschr\u00e4nkung der Nutzung der personenbezogenen Daten verlangen;<\/span><br \/>\n<span style=\"color: #ffffff;\">(3)\u00a0\u00a0\u00a0\u00a0\u00a0\u00a0 der Verantwortliche die personenbezogenen Daten f\u00fcr die Zwecke der Verarbeitung nicht l\u00e4nger ben\u00f6tigt, Sie diese jedoch zur Geltendmachung, Aus\u00fcbung oder Verteidigung von Rechtsanspr\u00fcchen ben\u00f6tigen, oder<\/span><br \/>\n<span style=\"color: #ffffff;\">(4)\u00a0\u00a0\u00a0\u00a0\u00a0\u00a0 wenn Sie Widerspruch gegen die Verarbeitung gem\u00e4\u00df Art.\u00a021 Abs.\u00a01 DSGVO eingelegt haben und noch nicht feststeht, ob die berechtigten Gr\u00fcnde des Verantwortlichen gegen\u00fcber Ihren Gr\u00fcnden \u00fcberwiegen.<\/span><br \/>\n<span style=\"color: #ffffff;\">Wurde die Verarbeitung der Sie betreffenden personenbezogenen Daten eingeschr\u00e4nkt, d\u00fcrfen diese Daten \u2013 von ihrer Speicherung abgesehen \u2013 nur mit Ihrer Einwilligung oder zur Geltendmachung, Aus\u00fcbung oder Verteidigung von Rechtsanspr\u00fcchen oder zum Schutz der Rechte einer anderen nat\u00fcrlichen oder juristischen Person oder aus Gr\u00fcnden eines wichtigen \u00f6ffentlichen Interesses der Union oder eines Mitgliedstaats verarbeitet werden.<\/span><br \/>\n<span style=\"color: #ffffff;\">Wurde die Einschr\u00e4nkung der Verarbeitung nach den o.g. Voraussetzungen eingeschr\u00e4nkt, werden Sie von dem Verantwortlichen unterrichtet bevor die Einschr\u00e4nkung aufgehoben<\/span><br \/>\n<span style=\"color: #ffffff;\">Ihr Recht auf Einschr\u00e4nkung der Verarbeitung kann insoweit beschr\u00e4nkt werden, als es voraussichtlich die Verwirklichung der Forschungs- oder Statistikzwecke unm\u00f6glich macht oder ernsthaft beeintr\u00e4chtigt und die Beschr\u00e4nkung f\u00fcr die Erf\u00fcllung der Forschungs- oder Statistikzwecke notwendig ist.<\/span><\/p>\n<h3><span style=\"color: #ffffff;\">Recht auf L\u00f6schung<\/span><\/h3>\n<h4><span style=\"color: #ffffff;\">L\u00f6schungspflicht<\/span><\/h4>\n<p><span style=\"color: #ffffff;\">Sie k\u00f6nnen von dem Verantwortlichen verlangen, dass die Sie betreffenden personenbezogenen Daten unverz\u00fcglich gel\u00f6scht werden, und der Verantwortliche ist verpflichtet, diese Daten unverz\u00fcglich zu l\u00f6schen, sofern einer der folgenden Gr\u00fcnde zutrifft:<\/span><br \/>\n<span style=\"color: #ffffff;\">(1)\u00a0\u00a0\u00a0\u00a0\u00a0\u00a0 Die Sie betreffenden personenbezogenen Daten sind f\u00fcr die Zwecke, f\u00fcr die sie erhoben oder auf sonstige Weise verarbeitet wurden, nicht mehr notwendig.<\/span><br \/>\n<span style=\"color: #ffffff;\">(2)\u00a0\u00a0\u00a0\u00a0\u00a0\u00a0 Sie widerrufen Ihre Einwilligung, auf die sich die Verarbeitung gem. Art.\u00a06 Abs.\u00a01 lit.\u00a0a oder Art.\u00a09 Abs.\u00a02 lit.\u00a0a DSGVO st\u00fctzte, und es fehlt an einer anderweitigen Rechtsgrundlage f\u00fcr die Verarbeitung.<\/span><br \/>\n<span style=\"color: #ffffff;\">(3)\u00a0\u00a0\u00a0\u00a0\u00a0\u00a0 Sie legen gem. Art.\u00a021 Abs.\u00a01 DSGVO Widerspruch gegen die Verarbeitung ein und es liegen keine vorrangigen berechtigten Gr\u00fcnde f\u00fcr die Verarbeitung vor, oder Sie legen gem. Art.\u00a021 Abs.\u00a02 DSGVO Widerspruch gegen die Verarbeitung ein.<\/span><br \/>\n<span style=\"color: #ffffff;\">(4)\u00a0\u00a0\u00a0\u00a0\u00a0\u00a0 Die Sie betreffenden personenbezogenen Daten wurden unrechtm\u00e4\u00dfig verarbeitet.<\/span><br \/>\n<span style=\"color: #ffffff;\">(5)\u00a0\u00a0\u00a0\u00a0\u00a0\u00a0 Die L\u00f6schung der Sie betreffenden personenbezogenen Daten ist zur Erf\u00fcllung einer rechtlichen Verpflichtung nach dem Unionsrecht oder dem Recht der Mitgliedstaaten erforderlich, dem der Verantwortliche unterliegt.<\/span><br \/>\n<span style=\"color: #ffffff;\">(6)\u00a0\u00a0\u00a0\u00a0\u00a0\u00a0 \u00a0\u00a0\u00a0\u00a0\u00a0\u00a0\u00a0\u00a0\u00a0\u00a0\u00a0 Die Sie betreffenden personenbezogenen Daten wurden in Bezug auf angebotene Dienste der Informationsgesellschaft gem\u00e4\u00df Art.\u00a08 Abs.\u00a01 DSGVO erhoben.<\/span><\/p>\n<h4><span style=\"color: #ffffff;\">Information an Dritte<\/span><\/h4>\n<p><span style=\"color: #ffffff;\">Hat der Verantwortliche die Sie betreffenden personenbezogenen Daten \u00f6ffentlich gemacht und ist er gem. Art.\u00a017 Abs.\u00a01 DSGVO zu deren L\u00f6schung verpflichtet, so trifft er unter Ber\u00fccksichtigung der verf\u00fcgbaren Technologie und der Implementierungskosten angemessene Ma\u00dfnahmen, auch technischer Art, um f\u00fcr die Datenverarbeitung Verantwortliche, die die personenbezogenen Daten verarbeiten, dar\u00fcber zu informieren, dass Sie als betroffene Person von ihnen die L\u00f6schung aller Links zu diesen personenbezogenen Daten oder von Kopien oder Replikationen dieser personenbezogenen Daten verlangt haben.<\/span><\/p>\n<h4><span style=\"color: #ffffff;\">Ausnahmen<\/span><\/h4>\n<p><span style=\"color: #ffffff;\">Das Recht auf L\u00f6schung besteht nicht, soweit die Verarbeitung erforderlich ist<\/span><br \/>\n<span style=\"color: #ffffff;\">(1)\u00a0\u00a0\u00a0\u00a0\u00a0\u00a0 zur Aus\u00fcbung des Rechts auf freie Meinungs\u00e4u\u00dferung und Information;<\/span><br \/>\n<span style=\"color: #ffffff;\">(2)\u00a0\u00a0\u00a0\u00a0\u00a0\u00a0 zur Erf\u00fcllung einer rechtlichen Verpflichtung, die die Verarbeitung nach dem Recht der Union oder der Mitgliedstaaten, dem der Verantwortliche unterliegt, erfordert, oder zur Wahrnehmung einer Aufgabe, die im \u00f6ffentlichen Interesse liegt oder in Aus\u00fcbung \u00f6ffentlicher Gewalt erfolgt, die dem Verantwortlichen \u00fcbertragen wurde;<\/span><br \/>\n<span style=\"color: #ffffff;\">(3)\u00a0\u00a0\u00a0\u00a0\u00a0\u00a0 aus Gr\u00fcnden des \u00f6ffentlichen Interesses im Bereich der \u00f6ffentlichen Gesundheit gem\u00e4\u00df Art.\u00a09 Abs.\u00a02 lit.\u00a0h und i sowie Art.\u00a09 Abs.\u00a03 DSGVO;<\/span><br \/>\n<span style=\"color: #ffffff;\">(4)\u00a0\u00a0\u00a0\u00a0\u00a0\u00a0 f\u00fcr im \u00f6ffentlichen Interesse liegende Archivzwecke, wissenschaftliche oder historische Forschungszwecke oder f\u00fcr statistische Zwecke gem. Art.\u00a089 Abs.\u00a01 DSGVO, soweit das unter Abschnitt a) genannte Recht voraussichtlich die Verwirklichung der Ziele dieser Verarbeitung unm\u00f6glich macht oder ernsthaft beeintr\u00e4chtigt, oder<\/span><br \/>\n<span style=\"color: #ffffff;\">(5)\u00a0\u00a0\u00a0\u00a0\u00a0\u00a0 zur Geltendmachung, Aus\u00fcbung oder Verteidigung von Rechtsanspr\u00fcchen.<\/span><\/p>\n<h3><span style=\"color: #ffffff;\">Recht auf Unterrichtung<\/span><\/h3>\n<p><span style=\"color: #ffffff;\">Haben Sie das Recht auf Berichtigung, L\u00f6schung oder Einschr\u00e4nkung der Verarbeitung gegen\u00fcber dem Verantwortlichen geltend gemacht, ist dieser verpflichtet, allen Empf\u00e4ngern, denen die Sie betreffenden personenbezogenen Daten offengelegt wurden, diese Berichtigung oder L\u00f6schung der Daten oder Einschr\u00e4nkung der Verarbeitung mitzuteilen, es sei denn, dies erweist sich als unm\u00f6glich oder ist mit einem unverh\u00e4ltnism\u00e4\u00dfigen Aufwand verbunden.<\/span><br \/>\n<span style=\"color: #ffffff;\">Ihnen steht gegen\u00fcber dem Verantwortlichen das Recht zu, \u00fcber diese Empf\u00e4nger unterrichtet zu werden.<\/span><\/p>\n<h3><span style=\"color: #ffffff;\">Recht auf Daten\u00fcbertragbarkeit<\/span><\/h3>\n<p><span style=\"color: #ffffff;\">Sie haben das Recht, die Sie betreffenden personenbezogenen Daten, die Sie dem Verantwortlichen bereitgestellt haben, in einem strukturierten, g\u00e4ngigen und maschinenlesbaren Format zu erhalten. Au\u00dferdem haben Sie das Recht diese Daten einem anderen Verantwortlichen ohne Behinderung durch den Verantwortlichen, dem die personenbezogenen Daten bereitgestellt wurden, zu \u00fcbermitteln, sofern<\/span><br \/>\n<span style=\"color: #ffffff;\">(1)\u00a0\u00a0\u00a0\u00a0\u00a0\u00a0 die Verarbeitung auf einer Einwilligung gem. Art.\u00a06 Abs.\u00a01 lit.\u00a0a DSGVO oder Art.\u00a09 Abs.\u00a02 lit.\u00a0a DSGVO oder auf einem Vertrag gem. Art.\u00a06 Abs.\u00a01 lit.\u00a0b DSGVO beruht und<\/span><br \/>\n<span style=\"color: #ffffff;\">(2)\u00a0\u00a0\u00a0\u00a0\u00a0\u00a0 die Verarbeitung mithilfe automatisierter Verfahren erfolgt.<\/span><br \/>\n<span style=\"color: #ffffff;\">In Aus\u00fcbung dieses Rechts haben Sie ferner das Recht, zu erwirken, dass die Sie betreffenden personenbezogenen Daten direkt von einem Verantwortlichen einem anderen Verantwortlichen \u00fcbermittelt werden, soweit dies technisch machbar ist. Freiheiten und Rechte anderer Personen d\u00fcrfen hierdurch nicht beeintr\u00e4chtigt werden.<\/span><br \/>\n<span style=\"color: #ffffff;\">Das Recht auf Daten\u00fcbertragbarkeit gilt nicht f\u00fcr eine Verarbeitung personenbezogener Daten, die f\u00fcr die Wahrnehmung einer Aufgabe erforderlich ist, die im \u00f6ffentlichen Interesse liegt oder in Aus\u00fcbung \u00f6ffentlicher Gewalt erfolgt, die dem Verantwortlichen \u00fcbertragen wurde.<\/span><\/p>\n<h3><span style=\"color: #ffffff;\">Widerspruchsrecht<\/span><\/h3>\n<p><span style=\"color: #ffffff;\">Sie haben das Recht, aus Gr\u00fcnden, die sich aus ihrer besonderen Situation ergeben, jederzeit gegen die Verarbeitung der Sie betreffenden personenbezogenen Daten, die aufgrund von Art.\u00a06 Abs.\u00a01 lit.\u00a0e oder f DSGVO erfolgt, Widerspruch einzulegen; dies gilt auch f\u00fcr ein auf diese Bestimmungen gest\u00fctztes Profiling.<\/span><br \/>\n<span style=\"color: #ffffff;\">Der Verantwortliche verarbeitet die Sie betreffenden personenbezogenen Daten nicht mehr, es sei denn, er kann zwingende schutzw\u00fcrdige Gr\u00fcnde f\u00fcr die Verarbeitung nachweisen, die Ihre Interessen, Rechte und Freiheiten \u00fcberwiegen, oder die Verarbeitung dient der Geltendmachung, Aus\u00fcbung oder Verteidigung von Rechtsanspr\u00fcchen.<\/span><br \/>\n<span style=\"color: #ffffff;\">Werden die Sie betreffenden personenbezogenen Daten verarbeitet, um Direktwerbung zu betreiben, haben Sie das Recht, jederzeit Widerspruch gegen die Verarbeitung der Sie betreffenden personenbezogenen Daten zum Zwecke derartiger Werbung einzulegen; dies gilt auch f\u00fcr das Profiling, soweit es mit solcher Direktwerbung in Verbindung steht.<\/span><br \/>\n<span style=\"color: #ffffff;\">Widersprechen Sie der Verarbeitung f\u00fcr Zwecke der Direktwerbung, so werden die Sie betreffenden personenbezogenen Daten nicht mehr f\u00fcr diese Zwecke verarbeitet.<\/span><br \/>\n<span style=\"color: #ffffff;\">Sie haben die M\u00f6glichkeit, im Zusammenhang mit der Nutzung von Diensten der Informationsgesellschaft \u2013 ungeachtet der Richtlinie 2002\/58\/EG \u2013 Ihr Widerspruchsrecht mittels automatisierter Verfahren auszu\u00fcben, bei denen technische Spezifikationen verwendet werden.<\/span><br \/>\n<span style=\"color: #ffffff;\">Sie haben auch das Recht, aus Gr\u00fcnden, die sich aus Ihrer besonderen Situation ergeben, bei der Verarbeitung Sie betreffender personenbezogener Daten, die zu wissenschaftlichen oder historischen Forschungszwecken oder zu statistischen Zwecken gem. Art.\u00a089 Abs.\u00a01 DSGVO erfolgt, dieser zu widersprechen.<\/span><br \/>\n<span style=\"color: #ffffff;\">Ihr Widerspruchsrecht kann insoweit beschr\u00e4nkt werden, als es voraussichtlich die Verwirklichung der Forschungs- oder Statistikzwecke unm\u00f6glich macht oder ernsthaft beeintr\u00e4chtigt und die Beschr\u00e4nkung f\u00fcr die Erf\u00fcllung der Forschungs- oder Statistikzwecke notwendig ist.<\/span><\/p>\n<p><span style=\"color: #ffffff;\"><strong>\u00a0<\/strong><\/span><\/p>\n<h3><span style=\"color: #ffffff;\">Recht auf Widerruf der datenschutzrechtlichen Einwilligungserkl\u00e4rung<\/span><\/h3>\n<p><span style=\"color: #ffffff;\">Sie haben das Recht, Ihre datenschutzrechtliche Einwilligungserkl\u00e4rung jederzeit zu widerrufen. Durch den Widerruf der Einwilligung wird die Rechtm\u00e4\u00dfigkeit der aufgrund der Einwilligung bis zum Widerruf erfolgten Verarbeitung nicht ber\u00fchrt.<\/span><\/p>\n<h3><span style=\"color: #ffffff;\">Automatisierte Entscheidung im Einzelfall einschlie\u00dflich Profiling<\/span><\/h3>\n<p><span style=\"color: #ffffff;\">Sie haben das Recht, nicht einer ausschlie\u00dflich auf einer automatisierten Verarbeitung \u2013 einschlie\u00dflich Profiling \u2013 beruhenden Entscheidung unterworfen zu werden, die Ihnen gegen\u00fcber rechtliche Wirkung entfaltet oder Sie in \u00e4hnlicher Weise erheblich beeintr\u00e4chtigt. Dies gilt nicht, wenn die Entscheidung<\/span><br \/>\n<span style=\"color: #ffffff;\">(1)\u00a0\u00a0\u00a0\u00a0\u00a0\u00a0 f\u00fcr den Abschluss oder die Erf\u00fcllung eines Vertrags zwischen Ihnen und dem Verantwortlichen erforderlich ist,<\/span><br \/>\n<span style=\"color: #ffffff;\">(2)\u00a0\u00a0\u00a0\u00a0\u00a0\u00a0 aufgrund von Rechtsvorschriften der Union oder der Mitgliedstaaten, denen der Verantwortliche unterliegt, zul\u00e4ssig ist und diese Rechtsvorschriften angemessene Ma\u00dfnahmen zur Wahrung Ihrer Rechte und Freiheiten sowie Ihrer berechtigten Interessen enthalten oder<\/span><br \/>\n<span style=\"color: #ffffff;\">(3)\u00a0\u00a0\u00a0\u00a0\u00a0\u00a0 mit Ihrer ausdr\u00fccklichen Einwilligung erfolgt.<\/span><br \/>\n<span style=\"color: #ffffff;\">Allerdings d\u00fcrfen diese Entscheidungen nicht auf besonderen Kategorien personenbezogener Daten nach Art.\u00a09 Abs.\u00a01 DSGVO beruhen, sofern nicht Art.\u00a09 Abs.\u00a02 lit.\u00a0a oder g DSGVO gilt und angemessene Ma\u00dfnahmen zum Schutz der Rechte und Freiheiten sowie Ihrer berechtigten Interessen getroffen wurden.<\/span><br \/>\n<span style=\"color: #ffffff;\">Hinsichtlich der in (1) und (3) genannten F\u00e4lle trifft der Verantwortliche angemessene Ma\u00dfnahmen, um die Rechte und Freiheiten sowie Ihre berechtigten Interessen zu wahren, wozu mindestens das Recht auf Erwirkung des Eingreifens einer Person seitens des Verantwortlichen, auf Darlegung des eigenen Standpunkts und auf Anfechtung der Entscheidung geh\u00f6rt.<\/span><\/p>\n<h3><span style=\"color: #ffffff;\">Recht auf Beschwerde bei einer Aufsichtsbeh\u00f6rde<\/span><\/h3>\n<p><span style=\"color: #ffffff;\">Unbeschadet eines anderweitigen verwaltungsrechtlichen oder gerichtlichen Rechtsbehelfs steht Ihnen das Recht auf Beschwerde bei einer Aufsichtsbeh\u00f6rde, insbesondere in dem Mitgliedstaat ihres Aufenthaltsorts, ihres Arbeitsplatzes oder des Orts des mutma\u00dflichen Versto\u00dfes, zu, wenn Sie der Ansicht sind, dass die Verarbeitung der Sie betreffenden personenbezogenen Daten gegen die DSGVO verst\u00f6\u00dft.<\/span><br \/>\n<span style=\"color: #ffffff;\">Die Aufsichtsbeh\u00f6rde, bei der die Beschwerde eingereicht wurde, unterrichtet den Beschwerdef\u00fchrer \u00fcber den Stand und die Ergebnisse der Beschwerde einschlie\u00dflich der M\u00f6glichkeit eines gerichtlichen Rechtsbehelfs nach Art.\u00a078 DSGVO.<\/span><\/p>\n<\/div><\/div><\/div><\/div><\/div><div class=\"fusion-clearfix\"><\/div><\/div><\/div><\/div><\/div>\n","protected":false},"excerpt":{"rendered":"","protected":false},"author":1,"featured_media":0,"parent":0,"menu_order":0,"comment_status":"closed","ping_status":"open","template":"","meta":{"inline_featured_image":false,"footnotes":""},"yoast_head":"<!-- This site is optimized with the Yoast SEO plugin v23.5 - https:\/\/yoast.com\/wordpress\/plugins\/seo\/ -->\n<title>Data Protection - Reiche Spezialarmaturen<\/title>\n<meta name=\"robots\" content=\"index, follow, max-snippet:-1, max-image-preview:large, max-video-preview:-1\" \/>\n<link rel=\"canonical\" href=\"https:\/\/reiche-spezialarmaturen.de\/en\/data-protection\/\" \/>\n<meta property=\"og:locale\" content=\"en_US\" \/>\n<meta property=\"og:type\" content=\"article\" \/>\n<meta property=\"og:title\" content=\"Data Protection - Reiche Spezialarmaturen\" \/>\n<meta property=\"og:url\" content=\"https:\/\/reiche-spezialarmaturen.de\/en\/data-protection\/\" \/>\n<meta property=\"og:site_name\" content=\"Reiche Spezialarmaturen\" \/>\n<meta property=\"article:modified_time\" content=\"2020-10-21T13:44:21+00:00\" \/>\n<meta name=\"twitter:card\" content=\"summary_large_image\" \/>\n<meta name=\"twitter:label1\" content=\"Est. reading time\" \/>\n\t<meta name=\"twitter:data1\" content=\"17 minutes\" \/>\n<script type=\"application\/ld+json\" class=\"yoast-schema-graph\">{\"@context\":\"https:\/\/schema.org\",\"@graph\":[{\"@type\":\"WebPage\",\"@id\":\"https:\/\/reiche-spezialarmaturen.de\/en\/data-protection\/\",\"url\":\"https:\/\/reiche-spezialarmaturen.de\/en\/data-protection\/\",\"name\":\"Data Protection - Reiche Spezialarmaturen\",\"isPartOf\":{\"@id\":\"https:\/\/reiche-spezialarmaturen.de\/en\/#website\"},\"datePublished\":\"2020-10-21T13:44:20+00:00\",\"dateModified\":\"2020-10-21T13:44:21+00:00\",\"breadcrumb\":{\"@id\":\"https:\/\/reiche-spezialarmaturen.de\/en\/data-protection\/#breadcrumb\"},\"inLanguage\":\"en-US\",\"potentialAction\":[{\"@type\":\"ReadAction\",\"target\":[\"https:\/\/reiche-spezialarmaturen.de\/en\/data-protection\/\"]}]},{\"@type\":\"BreadcrumbList\",\"@id\":\"https:\/\/reiche-spezialarmaturen.de\/en\/data-protection\/#breadcrumb\",\"itemListElement\":[{\"@type\":\"ListItem\",\"position\":1,\"name\":\"Startseite\",\"item\":\"https:\/\/reiche-spezialarmaturen.de\/en\/\"},{\"@type\":\"ListItem\",\"position\":2,\"name\":\"Data Protection\"}]},{\"@type\":\"WebSite\",\"@id\":\"https:\/\/reiche-spezialarmaturen.de\/en\/#website\",\"url\":\"https:\/\/reiche-spezialarmaturen.de\/en\/\",\"name\":\"Reiche Spezialarmaturen\",\"description\":\"Spezialarmaturen\",\"potentialAction\":[{\"@type\":\"SearchAction\",\"target\":{\"@type\":\"EntryPoint\",\"urlTemplate\":\"https:\/\/reiche-spezialarmaturen.de\/en\/?s={search_term_string}\"},\"query-input\":{\"@type\":\"PropertyValueSpecification\",\"valueRequired\":true,\"valueName\":\"search_term_string\"}}],\"inLanguage\":\"en-US\"}]}<\/script>\n<!-- \/ Yoast SEO plugin. -->","yoast_head_json":{"title":"Data Protection - Reiche Spezialarmaturen","robots":{"index":"index","follow":"follow","max-snippet":"max-snippet:-1","max-image-preview":"max-image-preview:large","max-video-preview":"max-video-preview:-1"},"canonical":"https:\/\/reiche-spezialarmaturen.de\/en\/data-protection\/","og_locale":"en_US","og_type":"article","og_title":"Data Protection - Reiche Spezialarmaturen","og_url":"https:\/\/reiche-spezialarmaturen.de\/en\/data-protection\/","og_site_name":"Reiche Spezialarmaturen","article_modified_time":"2020-10-21T13:44:21+00:00","twitter_card":"summary_large_image","twitter_misc":{"Est. reading time":"17 minutes"},"schema":{"@context":"https:\/\/schema.org","@graph":[{"@type":"WebPage","@id":"https:\/\/reiche-spezialarmaturen.de\/en\/data-protection\/","url":"https:\/\/reiche-spezialarmaturen.de\/en\/data-protection\/","name":"Data Protection - Reiche Spezialarmaturen","isPartOf":{"@id":"https:\/\/reiche-spezialarmaturen.de\/en\/#website"},"datePublished":"2020-10-21T13:44:20+00:00","dateModified":"2020-10-21T13:44:21+00:00","breadcrumb":{"@id":"https:\/\/reiche-spezialarmaturen.de\/en\/data-protection\/#breadcrumb"},"inLanguage":"en-US","potentialAction":[{"@type":"ReadAction","target":["https:\/\/reiche-spezialarmaturen.de\/en\/data-protection\/"]}]},{"@type":"BreadcrumbList","@id":"https:\/\/reiche-spezialarmaturen.de\/en\/data-protection\/#breadcrumb","itemListElement":[{"@type":"ListItem","position":1,"name":"Startseite","item":"https:\/\/reiche-spezialarmaturen.de\/en\/"},{"@type":"ListItem","position":2,"name":"Data Protection"}]},{"@type":"WebSite","@id":"https:\/\/reiche-spezialarmaturen.de\/en\/#website","url":"https:\/\/reiche-spezialarmaturen.de\/en\/","name":"Reiche Spezialarmaturen","description":"Spezialarmaturen","potentialAction":[{"@type":"SearchAction","target":{"@type":"EntryPoint","urlTemplate":"https:\/\/reiche-spezialarmaturen.de\/en\/?s={search_term_string}"},"query-input":{"@type":"PropertyValueSpecification","valueRequired":true,"valueName":"search_term_string"}}],"inLanguage":"en-US"}]}},"_links":{"self":[{"href":"https:\/\/reiche-spezialarmaturen.de\/en\/wp-json\/wp\/v2\/pages\/999"}],"collection":[{"href":"https:\/\/reiche-spezialarmaturen.de\/en\/wp-json\/wp\/v2\/pages"}],"about":[{"href":"https:\/\/reiche-spezialarmaturen.de\/en\/wp-json\/wp\/v2\/types\/page"}],"author":[{"embeddable":true,"href":"https:\/\/reiche-spezialarmaturen.de\/en\/wp-json\/wp\/v2\/users\/1"}],"replies":[{"embeddable":true,"href":"https:\/\/reiche-spezialarmaturen.de\/en\/wp-json\/wp\/v2\/comments?post=999"}],"version-history":[{"count":1,"href":"https:\/\/reiche-spezialarmaturen.de\/en\/wp-json\/wp\/v2\/pages\/999\/revisions"}],"predecessor-version":[{"id":1000,"href":"https:\/\/reiche-spezialarmaturen.de\/en\/wp-json\/wp\/v2\/pages\/999\/revisions\/1000"}],"wp:attachment":[{"href":"https:\/\/reiche-spezialarmaturen.de\/en\/wp-json\/wp\/v2\/media?parent=999"}],"curies":[{"name":"wp","href":"https:\/\/api.w.org\/{rel}","templated":true}]}}